{"id":4218,"date":"2019-01-30T16:08:04","date_gmt":"2019-01-30T15:08:04","guid":{"rendered":"https:\/\/www.24orecultura.com\/libri\/catalogo\/le-maschere-dellarte\/"},"modified":"2025-01-31T12:31:35","modified_gmt":"2025-01-31T11:31:35","slug":"le-maschere-dellarte","status":"publish","type":"book","link":"https:\/\/www.24orecultura.com\/en\/books\/catalogue\/le-maschere-dellarte\/","title":{"rendered":"Le maschere dell&#8217;arte"},"content":{"rendered":"\n<div class=\"wp-block-cover alignfull has-custom-content-position is-position-bottom-left is-c24-content-alighwide is-c24-featured-image in-view\"><span aria-hidden=\"true\" class=\"wp-block-cover__background has-background-dim\"><\/span><div class=\"wp-block-cover__inner-container is-layout-flow wp-block-cover-is-layout-flow\"><h1 class=\"alignwide wp-block-post-title\">Le maschere dell&#8217;arte<\/h1><\/div><\/div>\n\n\n<div class=\"wp-block-columns alignwide is-c24-metadata-columns-wrapper is-layout-flex wp-container-core-columns-is-layout-28f84493 wp-block-columns-is-layout-flex\">\n\t<div class=\"wp-block-column c24-metadata-column-wrapper is-layout-flow wp-block-column-is-layout-flow\" style=\"flex-basis:280px\">\n<div class=\"c24-metadata-column c24-rounded-box\">\n  <img loading=\"lazy\" decoding=\"async\" width=\"218\" height=\"300\" src=\"https:\/\/www.24orecultura.com\/wp-content\/uploads\/2019\/01\/Maschere_Arte-218x300.jpg\" class=\"post-thumbnail wp-post-image\" alt=\"Le maschere dell&#8217;arte - Cover\" srcset=\"https:\/\/www.24orecultura.com\/wp-content\/uploads\/2019\/01\/Maschere_Arte-218x300.jpg 218w, https:\/\/www.24orecultura.com\/wp-content\/uploads\/2019\/01\/Maschere_Arte.jpg 286w\" sizes=\"auto, (max-width: 218px) 100vw, 218px\" \/>  <div class=\"has-light-2-background-color p-4 m-0 d-flex flex-column gap-3\">\n    <div class=\"d-flex flex-column gap-2 mb-2\">\n      <div class=\"wp-block-button\"><a  class=\"wp-block-button__link has-red-background-color is-c24-cta-btn has-background wp-element-button w-100\" href=\"https:\/\/www.amazon.it\/maschere-dellarte-V-Belloni\/dp\/8866484024\/ref=sr_1_1?__mk_it_IT=\u00c5M\u00c5\u017d\u00d5\u00d1&#038;dchild=1&#038;keywords=le+maschere+dell%27arte&#038;qid=1592229722&#038;s=books&#038;sr=1-1\" title=\"Buy on Amazon\" target=\"_blank\"> Buy on Amazon <\/a><\/div>\n      \n      <div class=\"wp-block-button\"><a  class=\"wp-block-button__link has-red-background-color is-c24-cta-btn has-background wp-element-button w-100\" href=\"https:\/\/www.ibs.it\/maschere-dell-arte-ediz-a-libro-chiara-bellifemine\/e\/9788866484028?inventoryId=134451873\" title=\"Buy on Ibs\" target=\"_blank\"> Buy on Ibs <\/a><\/div>    <\/div>\n\n    <p class=\"d-flex justify-content-between has-small-font-size m-0 pb-3 border-bottom\"><span>Price<\/span> <strong>\u20ac12.90<\/strong><\/p>    \n\n    <p class=\"d-flex justify-content-between has-small-font-size m-0 pb-3 border-bottom\"><span>Publisher<\/span> <strong><a href=\"https:\/\/www.24orecultura.com\/en\/books\/24-ore-cultura-kids\/\">24 ORE Cultura Kids<\/a><\/strong><\/p>\n    <div class=\"c24-notes\"><p>Paperback 36.5 x 36.5 cm 24 pages fully illustrated ISBN 9788866484028<\/p>\n<\/div>  <\/div>\n<\/div><\/div>\n\t\n\t\n\t\n\t<div class=\"wp-block-column is-layout-flow wp-block-column-is-layout-flow\">\n\t\t\t<div class=\"yoast-breadcrumbs\"><span><span><a href=\"https:\/\/www.24orecultura.com\/en\/\">Home<\/a><\/span> \/ <span><a href=\"https:\/\/www.24orecultura.com\/en\/books\/\">Books<\/a><\/span> \/ <span><a href=\"https:\/\/www.24orecultura.com\/en\/books\/catalogue\/\">Catalogue<\/a><\/span> \/ <span class=\"breadcrumb_last\" aria-current=\"page\">Le maschere dell&#8217;arte<\/span><\/span><\/div>\n\t\t\t\n<div class=\"wp-block-group alignwide is-c24-metadata-columns is-layout-flow wp-block-group-is-layout-flow\">\n<p><strong>A playbook for dressing up as a great artist with eleven colorful masks to cut out and wear.<\/strong><\/p>\n\n\n<p>Every self-respecting artist has his or her own way of painting. The faces drawn by Picasso are made of angles and distorted perspectives, Modigliani&#8217;s have sweet almond-shaped eyes and long necks, and Roy Lichtenstein&#8217;s look like colorful cartoons. Designed to introduce children to the very genre of portraiture, this colorful playbook shows the faces of eleven famous artists in the history of modern art, each redrawn in the style of the painter in question. Thus it will be easier to connect each artist to his or her personal poetics, thanks also to the accompaniment of small descriptive texts. But it doesn&#8217;t end there: all portraits have two holes in place of eyes, to be cut out and worn like masks. The game thus continues beyond the book, allowing young readers to transform themselves not only into Picasso, but into a real Cubist portrait. To become &#8211; literally &#8211; a great artist and a great work of art.      <\/p>\n\n\n<p><strong>ILLUSTRATIONS OF<\/strong><br\/> Valentina Belloni &#8211; Since childhood she has always drawn, and after graduation she finally decided to turn her passion into a job. She attended the IED &#8211; Istituto Europeo di Design in Turin, focusing mainly on illustration for children. In 2010 she joined the MB Artist agency, and today she works with the most important publishing houses in the world.  <\/p>\n\n<\/div>\n\t<\/div>\n\t<\/div>\n\t","protected":false},"excerpt":{"rendered":"<p>Illustrations by Valentina Belloni<\/p>\n","protected":false},"featured_media":1403,"template":"","categories":[],"c24_category":[96],"c24_series":[],"publisher":[],"class_list":["post-4218","book","type-book","status-publish","has-post-thumbnail","hentry","c24_category-24-ore-cultura-kids-en"],"acf":[],"yoast_head":"<!-- This site is optimized with the Yoast SEO plugin v25.9 - https:\/\/yoast.com\/wordpress\/plugins\/seo\/ -->\n<title>Le maschere dell&#039;arte - 24 ORE Cultura<\/title>\n<meta name=\"robots\" content=\"index, follow, max-snippet:-1, max-image-preview:large, max-video-preview:-1\" \/>\n<link rel=\"canonical\" href=\"https:\/\/www.24orecultura.com\/en\/books\/catalogue\/le-maschere-dellarte\/\" \/>\n<meta property=\"og:locale\" content=\"en_US\" \/>\n<meta property=\"og:type\" content=\"article\" \/>\n<meta property=\"og:title\" content=\"Le maschere dell&#039;arte - 24 ORE Cultura\" \/>\n<meta property=\"og:description\" content=\"Illustrations by Valentina Belloni\" \/>\n<meta property=\"og:url\" content=\"https:\/\/www.24orecultura.com\/en\/books\/catalogue\/le-maschere-dellarte\/\" \/>\n<meta property=\"og:site_name\" content=\"24 ORE Cultura\" \/>\n<meta property=\"article:modified_time\" content=\"2025-01-31T11:31:35+00:00\" \/>\n<meta property=\"og:image\" content=\"https:\/\/www.24orecultura.com\/wp-content\/uploads\/2019\/01\/Maschere_Arte.jpg\" \/>\n\t<meta property=\"og:image:width\" content=\"286\" \/>\n\t<meta property=\"og:image:height\" content=\"393\" \/>\n\t<meta property=\"og:image:type\" content=\"image\/jpeg\" \/>\n<meta name=\"twitter:card\" content=\"summary_large_image\" \/>\n<meta name=\"twitter:label1\" content=\"Est. reading time\" \/>\n\t<meta name=\"twitter:data1\" content=\"1 minute\" \/>\n<script type=\"application\/ld+json\" class=\"yoast-schema-graph\">{\"@context\":\"https:\/\/schema.org\",\"@graph\":[{\"@type\":\"WebPage\",\"@id\":\"https:\/\/www.24orecultura.com\/en\/books\/catalogue\/le-maschere-dellarte\/\",\"url\":\"https:\/\/www.24orecultura.com\/en\/books\/catalogue\/le-maschere-dellarte\/\",\"name\":\"Le maschere dell'arte - 24 ORE Cultura\",\"isPartOf\":{\"@id\":\"https:\/\/www.24orecultura.com\/en\/#website\"},\"primaryImageOfPage\":{\"@id\":\"https:\/\/www.24orecultura.com\/en\/books\/catalogue\/le-maschere-dellarte\/#primaryimage\"},\"image\":{\"@id\":\"https:\/\/www.24orecultura.com\/en\/books\/catalogue\/le-maschere-dellarte\/#primaryimage\"},\"thumbnailUrl\":\"https:\/\/www.24orecultura.com\/wp-content\/uploads\/2019\/01\/Maschere_Arte.jpg\",\"datePublished\":\"2019-01-30T15:08:04+00:00\",\"dateModified\":\"2025-01-31T11:31:35+00:00\",\"breadcrumb\":{\"@id\":\"https:\/\/www.24orecultura.com\/en\/books\/catalogue\/le-maschere-dellarte\/#breadcrumb\"},\"inLanguage\":\"en-US\",\"potentialAction\":[{\"@type\":\"ReadAction\",\"target\":[\"https:\/\/www.24orecultura.com\/en\/books\/catalogue\/le-maschere-dellarte\/\"]}]},{\"@type\":\"ImageObject\",\"inLanguage\":\"en-US\",\"@id\":\"https:\/\/www.24orecultura.com\/en\/books\/catalogue\/le-maschere-dellarte\/#primaryimage\",\"url\":\"https:\/\/www.24orecultura.com\/wp-content\/uploads\/2019\/01\/Maschere_Arte.jpg\",\"contentUrl\":\"https:\/\/www.24orecultura.com\/wp-content\/uploads\/2019\/01\/Maschere_Arte.jpg\",\"width\":286,\"height\":393,\"caption\":\"Maschere_Arte\"},{\"@type\":\"BreadcrumbList\",\"@id\":\"https:\/\/www.24orecultura.com\/en\/books\/catalogue\/le-maschere-dellarte\/#breadcrumb\",\"itemListElement\":[{\"@type\":\"ListItem\",\"position\":1,\"name\":\"Home\",\"item\":\"https:\/\/www.24orecultura.com\/en\/\"},{\"@type\":\"ListItem\",\"position\":2,\"name\":\"Books\",\"item\":\"https:\/\/www.24orecultura.com\/en\/books\/\"},{\"@type\":\"ListItem\",\"position\":3,\"name\":\"Catalogue\",\"item\":\"https:\/\/www.24orecultura.com\/en\/books\/catalogue\/\"},{\"@type\":\"ListItem\",\"position\":4,\"name\":\"Le maschere dell&#8217;arte\"}]},{\"@type\":\"WebSite\",\"@id\":\"https:\/\/www.24orecultura.com\/en\/#website\",\"url\":\"https:\/\/www.24orecultura.com\/en\/\",\"name\":\"24 ORE Cultura\",\"description\":\"Il Sole 24ORE\",\"publisher\":{\"@id\":\"https:\/\/www.24orecultura.com\/en\/#organization\"},\"potentialAction\":[{\"@type\":\"SearchAction\",\"target\":{\"@type\":\"EntryPoint\",\"urlTemplate\":\"https:\/\/www.24orecultura.com\/en\/?s={search_term_string}\"},\"query-input\":{\"@type\":\"PropertyValueSpecification\",\"valueRequired\":true,\"valueName\":\"search_term_string\"}}],\"inLanguage\":\"en-US\"},{\"@type\":\"Organization\",\"@id\":\"https:\/\/www.24orecultura.com\/en\/#organization\",\"name\":\"24 ORE Cultura\",\"url\":\"https:\/\/www.24orecultura.com\/en\/\",\"logo\":{\"@type\":\"ImageObject\",\"inLanguage\":\"en-US\",\"@id\":\"https:\/\/www.24orecultura.com\/en\/#\/schema\/logo\/image\/\",\"url\":\"https:\/\/www.24orecultura.com\/wp-content\/uploads\/2024\/10\/24orecultura-logo-new.png\",\"contentUrl\":\"https:\/\/www.24orecultura.com\/wp-content\/uploads\/2024\/10\/24orecultura-logo-new.png\",\"width\":300,\"height\":200,\"caption\":\"24 ORE Cultura\"},\"image\":{\"@id\":\"https:\/\/www.24orecultura.com\/en\/#\/schema\/logo\/image\/\"}}]}<\/script>\n<!-- \/ Yoast SEO plugin. -->","yoast_head_json":{"title":"Le maschere dell'arte - 24 ORE Cultura","robots":{"index":"index","follow":"follow","max-snippet":"max-snippet:-1","max-image-preview":"max-image-preview:large","max-video-preview":"max-video-preview:-1"},"canonical":"https:\/\/www.24orecultura.com\/en\/books\/catalogue\/le-maschere-dellarte\/","og_locale":"en_US","og_type":"article","og_title":"Le maschere dell'arte - 24 ORE Cultura","og_description":"Illustrations by Valentina Belloni","og_url":"https:\/\/www.24orecultura.com\/en\/books\/catalogue\/le-maschere-dellarte\/","og_site_name":"24 ORE Cultura","article_modified_time":"2025-01-31T11:31:35+00:00","og_image":[{"width":286,"height":393,"url":"https:\/\/www.24orecultura.com\/wp-content\/uploads\/2019\/01\/Maschere_Arte.jpg","type":"image\/jpeg"}],"twitter_card":"summary_large_image","twitter_misc":{"Est. reading time":"1 minute"},"schema":{"@context":"https:\/\/schema.org","@graph":[{"@type":"WebPage","@id":"https:\/\/www.24orecultura.com\/en\/books\/catalogue\/le-maschere-dellarte\/","url":"https:\/\/www.24orecultura.com\/en\/books\/catalogue\/le-maschere-dellarte\/","name":"Le maschere dell'arte - 24 ORE Cultura","isPartOf":{"@id":"https:\/\/www.24orecultura.com\/en\/#website"},"primaryImageOfPage":{"@id":"https:\/\/www.24orecultura.com\/en\/books\/catalogue\/le-maschere-dellarte\/#primaryimage"},"image":{"@id":"https:\/\/www.24orecultura.com\/en\/books\/catalogue\/le-maschere-dellarte\/#primaryimage"},"thumbnailUrl":"https:\/\/www.24orecultura.com\/wp-content\/uploads\/2019\/01\/Maschere_Arte.jpg","datePublished":"2019-01-30T15:08:04+00:00","dateModified":"2025-01-31T11:31:35+00:00","breadcrumb":{"@id":"https:\/\/www.24orecultura.com\/en\/books\/catalogue\/le-maschere-dellarte\/#breadcrumb"},"inLanguage":"en-US","potentialAction":[{"@type":"ReadAction","target":["https:\/\/www.24orecultura.com\/en\/books\/catalogue\/le-maschere-dellarte\/"]}]},{"@type":"ImageObject","inLanguage":"en-US","@id":"https:\/\/www.24orecultura.com\/en\/books\/catalogue\/le-maschere-dellarte\/#primaryimage","url":"https:\/\/www.24orecultura.com\/wp-content\/uploads\/2019\/01\/Maschere_Arte.jpg","contentUrl":"https:\/\/www.24orecultura.com\/wp-content\/uploads\/2019\/01\/Maschere_Arte.jpg","width":286,"height":393,"caption":"Maschere_Arte"},{"@type":"BreadcrumbList","@id":"https:\/\/www.24orecultura.com\/en\/books\/catalogue\/le-maschere-dellarte\/#breadcrumb","itemListElement":[{"@type":"ListItem","position":1,"name":"Home","item":"https:\/\/www.24orecultura.com\/en\/"},{"@type":"ListItem","position":2,"name":"Books","item":"https:\/\/www.24orecultura.com\/en\/books\/"},{"@type":"ListItem","position":3,"name":"Catalogue","item":"https:\/\/www.24orecultura.com\/en\/books\/catalogue\/"},{"@type":"ListItem","position":4,"name":"Le maschere dell&#8217;arte"}]},{"@type":"WebSite","@id":"https:\/\/www.24orecultura.com\/en\/#website","url":"https:\/\/www.24orecultura.com\/en\/","name":"24 ORE Cultura","description":"Il Sole 24ORE","publisher":{"@id":"https:\/\/www.24orecultura.com\/en\/#organization"},"potentialAction":[{"@type":"SearchAction","target":{"@type":"EntryPoint","urlTemplate":"https:\/\/www.24orecultura.com\/en\/?s={search_term_string}"},"query-input":{"@type":"PropertyValueSpecification","valueRequired":true,"valueName":"search_term_string"}}],"inLanguage":"en-US"},{"@type":"Organization","@id":"https:\/\/www.24orecultura.com\/en\/#organization","name":"24 ORE Cultura","url":"https:\/\/www.24orecultura.com\/en\/","logo":{"@type":"ImageObject","inLanguage":"en-US","@id":"https:\/\/www.24orecultura.com\/en\/#\/schema\/logo\/image\/","url":"https:\/\/www.24orecultura.com\/wp-content\/uploads\/2024\/10\/24orecultura-logo-new.png","contentUrl":"https:\/\/www.24orecultura.com\/wp-content\/uploads\/2024\/10\/24orecultura-logo-new.png","width":300,"height":200,"caption":"24 ORE Cultura"},"image":{"@id":"https:\/\/www.24orecultura.com\/en\/#\/schema\/logo\/image\/"}}]}},"_links":{"self":[{"href":"https:\/\/www.24orecultura.com\/en\/wp-json\/wp\/v2\/book\/4218","targetHints":{"allow":["GET"]}}],"collection":[{"href":"https:\/\/www.24orecultura.com\/en\/wp-json\/wp\/v2\/book"}],"about":[{"href":"https:\/\/www.24orecultura.com\/en\/wp-json\/wp\/v2\/types\/book"}],"wp:featuredmedia":[{"embeddable":true,"href":"https:\/\/www.24orecultura.com\/en\/wp-json\/wp\/v2\/media\/1403"}],"wp:attachment":[{"href":"https:\/\/www.24orecultura.com\/en\/wp-json\/wp\/v2\/media?parent=4218"}],"wp:term":[{"taxonomy":"category","embeddable":true,"href":"https:\/\/www.24orecultura.com\/en\/wp-json\/wp\/v2\/categories?post=4218"},{"taxonomy":"c24_category","embeddable":true,"href":"https:\/\/www.24orecultura.com\/en\/wp-json\/wp\/v2\/c24_category?post=4218"},{"taxonomy":"c24_series","embeddable":true,"href":"https:\/\/www.24orecultura.com\/en\/wp-json\/wp\/v2\/c24_series?post=4218"},{"taxonomy":"publisher","embeddable":true,"href":"https:\/\/www.24orecultura.com\/en\/wp-json\/wp\/v2\/publisher?post=4218"}],"curies":[{"name":"wp","href":"https:\/\/api.w.org\/{rel}","templated":true}]}}